{"id":2039,"date":"2025-08-28T18:06:38","date_gmt":"2025-08-28T18:06:38","guid":{"rendered":"https:\/\/www.laviluxuryapartments.com\/scopri-la-villa\/"},"modified":"2025-08-28T18:07:31","modified_gmt":"2025-08-28T18:07:31","slug":"scopri-la-villa","status":"publish","type":"page","link":"https:\/\/www.laviluxuryapartments.com\/it\/scopri-la-villa\/","title":{"rendered":"Scopri la Villa"},"content":{"rendered":"\n<div class=\"wp-block-getwid-section alignfull alignfull getwid-margin-top-none getwid-margin-bottom-none\"><div class=\"wp-block-getwid-section__wrapper getwid-padding-top-none getwid-padding-bottom-none getwid-padding-left-medium getwid-padding-right-medium getwid-padding-mobile-left-small getwid-padding-mobile-right-small\"><div class=\"wp-block-getwid-section__inner-wrapper\"><div class=\"wp-block-getwid-section__background-holder\"><div class=\"wp-block-getwid-section__background\"><\/div><div class=\"wp-block-getwid-section__foreground\"><\/div><\/div><div class=\"wp-block-getwid-section__content\"><div class=\"wp-block-getwid-section__inner-content\">\n<div class=\"wp-block-columns has-2-columns is-layout-flex wp-container-core-columns-is-layout-9d6595d7 wp-block-columns-is-layout-flex\">\n<div class=\"wp-block-column is-layout-flow wp-block-column-is-layout-flow\">\n<div class=\"wp-block-getwid-advanced-heading is-style-style-1 has-custom-font-size\" style=\"font-size:12px;margin-bottom:0px\"><p class=\"wp-block-getwid-advanced-heading__content\" style=\"letter-spacing:0.1em\">DAL PASSATO AI GIORNI NOSTRI<\/p><\/div>\n\n\n\n<div class=\"wp-block-getwid-advanced-heading is-style-default\" style=\"margin-top:10px\"><h2 class=\"wp-block-getwid-advanced-heading__content\">La Nostra Storia <\/h2><\/div>\n<\/div>\n\n\n\n<div class=\"wp-block-column is-layout-flow wp-block-column-is-layout-flow\">\n<p>Adagiata tra i sentieri tortuosi dell\u2019isola, Villa Chiara fu costruita alla fine del XIX secolo. Nel corso degli anni ha accolto artisti, viaggiatori e sognatori, diventando un rifugio nascosto di ispirazione e bellezza. <\/p>\n\n\n\n<p>Recentemente acquistata e restaurata con amore, la villa \u00e8 tornata a vivere con grande cura, preservando il suo fascino originale e accogliendo al contempo i comfort della vita contemporanea.<\/p>\n<\/div>\n<\/div>\n<\/div><\/div><\/div><\/div><\/div>\n\n<div class=\"wp-block-getwid-section alignfull alignfull getwid-margin-top-none getwid-margin-bottom-none\"><div class=\"wp-block-getwid-section__wrapper getwid-padding-top-normal getwid-padding-bottom-normal getwid-padding-left-medium getwid-padding-right-medium getwid-padding-mobile-left-small getwid-padding-mobile-right-small\"><div class=\"wp-block-getwid-section__inner-wrapper\"><div class=\"wp-block-getwid-section__background-holder\"><div class=\"wp-block-getwid-section__background\"><\/div><div class=\"wp-block-getwid-section__foreground\"><\/div><\/div><div class=\"wp-block-getwid-section__content\"><div class=\"wp-block-getwid-section__inner-content\">\n<div class=\"wp-block-columns has-2-columns is-layout-flex wp-container-core-columns-is-layout-9d6595d7 wp-block-columns-is-layout-flex\">\n<div class=\"wp-block-column is-layout-flow wp-block-column-is-layout-flow\">\n<figure class=\"wp-block-image size-full is-resized\"><img fetchpriority=\"high\" decoding=\"async\" width=\"800\" height=\"1200\" src=\"https:\/\/www.laviluxuryapartments.com\/wp-content\/uploads\/2025\/08\/villa2.jpg\" alt=\"\" class=\"wp-image-1577\" style=\"width:569px;height:auto\" srcset=\"https:\/\/www.laviluxuryapartments.com\/wp-content\/uploads\/2025\/08\/villa2.jpg 800w, https:\/\/www.laviluxuryapartments.com\/wp-content\/uploads\/2025\/08\/villa2-200x300.jpg 200w, https:\/\/www.laviluxuryapartments.com\/wp-content\/uploads\/2025\/08\/villa2-683x1024.jpg 683w, https:\/\/www.laviluxuryapartments.com\/wp-content\/uploads\/2025\/08\/villa2-768x1152.jpg 768w\" sizes=\"(max-width: 800px) 100vw, 800px\" \/><\/figure>\n<\/div>\n\n\n\n<div class=\"wp-block-column is-layout-flow wp-block-column-is-layout-flow\">\n<figure class=\"wp-block-image size-full is-resized\"><img decoding=\"async\" width=\"1200\" height=\"800\" src=\"https:\/\/www.laviluxuryapartments.com\/wp-content\/uploads\/2025\/08\/villa.jpg\" alt=\"\" class=\"wp-image-1574\" style=\"width:569px;height:auto\" srcset=\"https:\/\/www.laviluxuryapartments.com\/wp-content\/uploads\/2025\/08\/villa.jpg 1200w, https:\/\/www.laviluxuryapartments.com\/wp-content\/uploads\/2025\/08\/villa-300x200.jpg 300w, https:\/\/www.laviluxuryapartments.com\/wp-content\/uploads\/2025\/08\/villa-1024x683.jpg 1024w, https:\/\/www.laviluxuryapartments.com\/wp-content\/uploads\/2025\/08\/villa-768x512.jpg 768w, https:\/\/www.laviluxuryapartments.com\/wp-content\/uploads\/2025\/08\/villa-1170x780.jpg 1170w\" sizes=\"(max-width: 1200px) 100vw, 1200px\" \/><\/figure>\n<\/div>\n<\/div>\n<\/div><\/div><\/div><\/div><\/div>\n\n<div class=\"wp-block-getwid-section alignfull alignfull getwid-margin-top-none getwid-margin-bottom-none\"><div class=\"wp-block-getwid-section__wrapper getwid-padding-top-none getwid-padding-bottom-none getwid-padding-left-medium getwid-padding-right-medium getwid-padding-mobile-left-small getwid-padding-mobile-right-small\"><div class=\"wp-block-getwid-section__inner-wrapper\"><div class=\"wp-block-getwid-section__background-holder\"><div class=\"wp-block-getwid-section__background\"><\/div><div class=\"wp-block-getwid-section__foreground\"><\/div><\/div><div class=\"wp-block-getwid-section__content\"><div class=\"wp-block-getwid-section__inner-content\">\n<div class=\"wp-block-columns has-2-columns is-layout-flex wp-container-core-columns-is-layout-9d6595d7 wp-block-columns-is-layout-flex\">\n<div class=\"wp-block-column is-layout-flow wp-block-column-is-layout-flow\">\n<div class=\"wp-block-getwid-advanced-heading is-style-style-1 has-custom-font-size\" style=\"font-size:12px;margin-bottom:0px\"><p class=\"wp-block-getwid-advanced-heading__content\" style=\"letter-spacing:0.1em\">A PLACE, A FEELING, A WAY OF LIVING<\/p><\/div>\n\n\n\n<div class=\"wp-block-getwid-advanced-heading is-style-default\" style=\"margin-top:10px\"><h2 class=\"wp-block-getwid-advanced-heading__content\">La Nostra Filosofia<\/h2><\/div>\n<\/div>\n\n\n\n<div class=\"wp-block-column is-layout-flow wp-block-column-is-layout-flow\">\n<p>Presso Lavi Luxury Apartments, l\u2019ospitalit\u00e0 \u00e8 pi\u00f9 di un servizio \u2014 \u00e8 una sensazione. La nostra missione \u00e8 offrire uno spazio in cui ogni ospite possa rallentare, respirare la magia dell\u2019isola e sentirsi davvero al centro di ogni attenzione. <\/p>\n\n\n\n<p>Ispirata alla stessa visione che ha dato vita a <em><a href=\"https:\/\/www.lavicouture.it\/\">Lavi Couture<\/a><\/em>, l\u2019eleganza si ritrova nei dettagli, nell\u2019atmosfera e nelle attenzioni personali che rendono il tuo soggiorno indimenticabile.<\/p>\n<\/div>\n<\/div>\n<\/div><\/div><\/div><\/div><\/div>\n\n<div class=\"wp-block-getwid-section alignfull alignfull getwid-margin-top-none getwid-margin-bottom-none\"><div class=\"wp-block-getwid-section__wrapper getwid-padding-top-normal getwid-padding-bottom-normal getwid-padding-left-medium getwid-padding-right-medium getwid-padding-mobile-left-small getwid-padding-mobile-right-small\"><div class=\"wp-block-getwid-section__inner-wrapper\"><div class=\"wp-block-getwid-section__background-holder\"><div class=\"wp-block-getwid-section__background\"><\/div><div class=\"wp-block-getwid-section__foreground\"><\/div><\/div><div class=\"wp-block-getwid-section__content\"><div class=\"wp-block-getwid-section__inner-content\">\n<div class=\"wp-block-columns has-2-columns is-layout-flex wp-container-core-columns-is-layout-9d6595d7 wp-block-columns-is-layout-flex\">\n<div class=\"wp-block-column is-layout-flow wp-block-column-is-layout-flow\">\n<div class=\"wp-block-getwid-images-stack is-layout-zeta\"><div class=\"wp-block-getwid-images-stack__wrapper\"><div class=\"wp-block-getwid-images-stack__chunk\"><div class=\"wp-block-getwid-images-stack__media-wrapper\"><div class=\"wp-block-getwid-images-stack__media-inner-wrapper\"><img decoding=\"async\" width=\"1200\" height=\"800\" class=\"wp-block-getwid-images-stack__media wp-image-1570\" src=\"https:\/\/www.laviluxuryapartments.com\/wp-content\/uploads\/2025\/08\/detail-outside.jpg\" data-id=\"1570\" data-link=\"https:\/\/www.laviluxuryapartments.com\/about\/detail-outside\/\" srcset=\"https:\/\/www.laviluxuryapartments.com\/wp-content\/uploads\/2025\/08\/detail-outside.jpg 1200w, https:\/\/www.laviluxuryapartments.com\/wp-content\/uploads\/2025\/08\/detail-outside-300x200.jpg 300w, https:\/\/www.laviluxuryapartments.com\/wp-content\/uploads\/2025\/08\/detail-outside-1024x683.jpg 1024w, https:\/\/www.laviluxuryapartments.com\/wp-content\/uploads\/2025\/08\/detail-outside-768x512.jpg 768w, https:\/\/www.laviluxuryapartments.com\/wp-content\/uploads\/2025\/08\/detail-outside-1170x780.jpg 1170w\" sizes=\"(max-width: 1200px) 100vw, 1200px\" \/><\/div><\/div><div class=\"wp-block-getwid-images-stack__media-wrapper\"><div class=\"wp-block-getwid-images-stack__media-inner-wrapper\"><img loading=\"lazy\" decoding=\"async\" width=\"1920\" height=\"1281\" class=\"wp-block-getwid-images-stack__media wp-image-1545\" src=\"https:\/\/www.laviluxuryapartments.com\/wp-content\/uploads\/2025\/08\/RAF7154-copy-scaled-e1755767302445.jpg\" data-id=\"1545\" data-link=\"https:\/\/www.laviluxuryapartments.com\/home\/santorini\/_raf7154-copy\/\"><\/div><\/div><div class=\"wp-block-getwid-images-stack__media-wrapper\"><div class=\"wp-block-getwid-images-stack__media-inner-wrapper\"><img loading=\"lazy\" decoding=\"async\" width=\"800\" height=\"1200\" class=\"wp-block-getwid-images-stack__media wp-image-1584\" src=\"https:\/\/www.laviluxuryapartments.com\/wp-content\/uploads\/2025\/08\/mosaic.jpg\" data-id=\"1584\" data-link=\"https:\/\/www.laviluxuryapartments.com\/about\/mosaic\/\" srcset=\"https:\/\/www.laviluxuryapartments.com\/wp-content\/uploads\/2025\/08\/mosaic.jpg 800w, https:\/\/www.laviluxuryapartments.com\/wp-content\/uploads\/2025\/08\/mosaic-200x300.jpg 200w, https:\/\/www.laviluxuryapartments.com\/wp-content\/uploads\/2025\/08\/mosaic-683x1024.jpg 683w, https:\/\/www.laviluxuryapartments.com\/wp-content\/uploads\/2025\/08\/mosaic-768x1152.jpg 768w\" sizes=\"(max-width: 800px) 100vw, 800px\" \/><\/div><\/div><\/div><\/div><\/div>\n<\/div>\n\n\n\n<div class=\"wp-block-column is-layout-flow wp-block-column-is-layout-flow\">\n<div class=\"wp-block-getwid-images-stack is-layout-delta\"><div class=\"wp-block-getwid-images-stack__wrapper\"><div class=\"wp-block-getwid-images-stack__chunk\"><div class=\"wp-block-getwid-images-stack__media-wrapper\"><div class=\"wp-block-getwid-images-stack__media-inner-wrapper\"><img loading=\"lazy\" decoding=\"async\" width=\"2560\" height=\"1920\" class=\"wp-block-getwid-images-stack__media wp-image-1418\" src=\"https:\/\/www.laviluxuryapartments.com\/wp-content\/uploads\/2025\/06\/1-min-scaled.jpg\" data-id=\"1418\" data-link=\"https:\/\/www.laviluxuryapartments.com\/home\/1-min\/\" srcset=\"https:\/\/www.laviluxuryapartments.com\/wp-content\/uploads\/2025\/06\/1-min-scaled.jpg 2560w, https:\/\/www.laviluxuryapartments.com\/wp-content\/uploads\/2025\/06\/1-min-300x225.jpg 300w, https:\/\/www.laviluxuryapartments.com\/wp-content\/uploads\/2025\/06\/1-min-1024x768.jpg 1024w, https:\/\/www.laviluxuryapartments.com\/wp-content\/uploads\/2025\/06\/1-min-768x576.jpg 768w, https:\/\/www.laviluxuryapartments.com\/wp-content\/uploads\/2025\/06\/1-min-1536x1152.jpg 1536w, https:\/\/www.laviluxuryapartments.com\/wp-content\/uploads\/2025\/06\/1-min-2048x1536.jpg 2048w, https:\/\/www.laviluxuryapartments.com\/wp-content\/uploads\/2025\/06\/1-min-1170x878.jpg 1170w\" sizes=\"(max-width: 2560px) 100vw, 2560px\" \/><\/div><\/div><div class=\"wp-block-getwid-images-stack__media-wrapper\"><div class=\"wp-block-getwid-images-stack__media-inner-wrapper\"><img loading=\"lazy\" decoding=\"async\" width=\"1200\" height=\"800\" class=\"wp-block-getwid-images-stack__media wp-image-1556\" src=\"https:\/\/www.laviluxuryapartments.com\/wp-content\/uploads\/2025\/08\/front-villa.jpg\" data-id=\"1556\" data-link=\"https:\/\/www.laviluxuryapartments.com\/home\/front-villa\/\" srcset=\"https:\/\/www.laviluxuryapartments.com\/wp-content\/uploads\/2025\/08\/front-villa.jpg 1200w, https:\/\/www.laviluxuryapartments.com\/wp-content\/uploads\/2025\/08\/front-villa-300x200.jpg 300w, https:\/\/www.laviluxuryapartments.com\/wp-content\/uploads\/2025\/08\/front-villa-1024x683.jpg 1024w, https:\/\/www.laviluxuryapartments.com\/wp-content\/uploads\/2025\/08\/front-villa-768x512.jpg 768w, https:\/\/www.laviluxuryapartments.com\/wp-content\/uploads\/2025\/08\/front-villa-1170x780.jpg 1170w\" sizes=\"(max-width: 1200px) 100vw, 1200px\" \/><\/div><\/div><div class=\"wp-block-getwid-images-stack__media-wrapper\"><div class=\"wp-block-getwid-images-stack__media-inner-wrapper\"><img loading=\"lazy\" decoding=\"async\" width=\"1200\" height=\"800\" class=\"wp-block-getwid-images-stack__media wp-image-1582\" src=\"https:\/\/www.laviluxuryapartments.com\/wp-content\/uploads\/2025\/08\/outside-view.jpg\" data-id=\"1582\" data-link=\"https:\/\/www.laviluxuryapartments.com\/about\/outside-view\/\" srcset=\"https:\/\/www.laviluxuryapartments.com\/wp-content\/uploads\/2025\/08\/outside-view.jpg 1200w, https:\/\/www.laviluxuryapartments.com\/wp-content\/uploads\/2025\/08\/outside-view-300x200.jpg 300w, https:\/\/www.laviluxuryapartments.com\/wp-content\/uploads\/2025\/08\/outside-view-1024x683.jpg 1024w, https:\/\/www.laviluxuryapartments.com\/wp-content\/uploads\/2025\/08\/outside-view-768x512.jpg 768w, https:\/\/www.laviluxuryapartments.com\/wp-content\/uploads\/2025\/08\/outside-view-1170x780.jpg 1170w\" sizes=\"(max-width: 1200px) 100vw, 1200px\" \/><\/div><\/div><\/div><\/div><\/div>\n<\/div>\n<\/div>\n<\/div><\/div><\/div><\/div><\/div>\n\n<div class=\"wp-block-getwid-section alignfull alignfull getwid-margin-top-none getwid-margin-bottom-none\"><div class=\"wp-block-getwid-section__wrapper getwid-padding-top-none getwid-padding-bottom-none getwid-padding-left-medium getwid-padding-right-medium getwid-padding-mobile-left-small getwid-padding-mobile-right-small\"><div class=\"wp-block-getwid-section__inner-wrapper\"><div class=\"wp-block-getwid-section__background-holder\"><div class=\"wp-block-getwid-section__background\"><\/div><div class=\"wp-block-getwid-section__foreground\"><\/div><\/div><div class=\"wp-block-getwid-section__content\"><div class=\"wp-block-getwid-section__inner-content\">\n<div class=\"wp-block-columns has-2-columns is-layout-flex wp-container-core-columns-is-layout-9d6595d7 wp-block-columns-is-layout-flex\">\n<div class=\"wp-block-column is-layout-flow wp-block-column-is-layout-flow\">\n<div class=\"wp-block-getwid-advanced-heading is-style-style-1 has-custom-font-size\" style=\"font-size:12px;margin-bottom:0px\"><p class=\"wp-block-getwid-advanced-heading__content\" style=\"text-transform:uppercase;letter-spacing:0.1em\">UNA VISIONE DI FAMIGLIA, RADICATA NELLA BELLEZZA<\/p><\/div>\n\n\n\n<div class=\"wp-block-getwid-advanced-heading is-style-default\" style=\"margin-top:10px\"><h2 class=\"wp-block-getwid-advanced-heading__content\">Una Storia di Famiglia<\/h2><\/div>\n<\/div>\n\n\n\n<div class=\"wp-block-column is-layout-flow wp-block-column-is-layout-flow\">\n<p><\/p>\n\n\n\n<p>Lavi \u00e8 un progetto familiare nato dalla passione per l\u2019estetica, i viaggi e le esperienze autentiche. La stessa dedizione che ha dato vita a un brand di moda internazionale oggi anima uno spazio pensato per accogliere ospiti da tutto il mondo. <\/p>\n<\/div>\n<\/div>\n\n\n\n<div style=\"height:75px\" aria-hidden=\"true\" class=\"wp-block-spacer\"><\/div>\n<\/div><\/div><\/div><\/div><\/div>\n\n<div class=\"wp-block-getwid-section alignfull alignfull getwid-margin-bottom-none\"><div class=\"wp-block-getwid-section__wrapper getwid-padding-left-medium getwid-padding-right-medium getwid-padding-mobile-left-small getwid-padding-mobile-right-small\" style=\"padding-top:100px;padding-bottom:120px\"><div class=\"wp-block-getwid-section__inner-wrapper\"><div class=\"wp-block-getwid-section__background-holder\"><div class=\"wp-block-getwid-section__background has-background\" style=\"background-color:#f8f7f1\"><\/div><div class=\"wp-block-getwid-section__foreground\"><\/div><\/div><div class=\"wp-block-getwid-section__content\"><div class=\"wp-block-getwid-section__inner-content\">\n<div class=\"wp-block-columns has-2-columns is-layout-flex wp-container-core-columns-is-layout-9d6595d7 wp-block-columns-is-layout-flex\">\n<div class=\"wp-block-column is-layout-flow wp-block-column-is-layout-flow\">\n<div class=\"wp-block-getwid-advanced-heading is-style-style-1 has-custom-font-size\" style=\"font-size:12px;margin-bottom:0px\"><p class=\"wp-block-getwid-advanced-heading__content\" style=\"letter-spacing:0.1em\">IL TUO COMFORT TI ASPETTA<\/p><\/div>\n\n\n\n<div class=\"wp-block-getwid-advanced-heading\" style=\"margin-top:10px\"><h2 class=\"wp-block-getwid-advanced-heading__content\">Le nostre suite<\/h2><\/div>\n<\/div>\n\n\n\n<div class=\"wp-block-column is-layout-flow wp-block-column-is-layout-flow\">\n<div style=\"height:20px\" aria-hidden=\"true\" class=\"wp-block-spacer\"><\/div>\n<\/div>\n<\/div>\n\n\n\n<div style=\"height:50px\" aria-hidden=\"true\" class=\"wp-block-spacer\"><\/div>\n\n\n<div class=\"mphb_sc_rooms-wrapper mphb-room-types is-style-style-3\">\t<div class=\"mphb-room-types-wrapper\">\n\t\n<div class=\"mphb-room-type post-1981 mphb_room_type type-mphb_room_type status-publish has-post-thumbnail mphb_room_type_category-villa-it mphb_room_type_facility-accappatoio mphb_room_type_facility-aria-condizionata mphb_room_type_facility-asciugacapelli mphb_room_type_facility-asciugamani mphb_room_type_facility-cassaforte mphb_room_type_facility-cucina mphb_room_type_facility-entrata-privata mphb_room_type_facility-forno-a-microonde mphb_room_type_facility-frigorifero mphb_room_type_facility-giardino mphb_room_type_facility-prodotti-da-bagno mphb_room_type_facility-scrivania mphb_room_type_facility-tv-it mphb_room_type_facility-wi-fi-gratuito mphb-room-type-adults-6 mphb-room-type-children-0 has-taxes-and-fees\">\n\n                <div class=\"room-images-wrapper\">\n            \n\n\t<p class=\"post-thumbnail mphb-loop-room-thumbnail\">\n\t<a href=\"https:\/\/www.laviluxuryapartments.com\/it\/accommodation\/villa-privata\/\">\n\t<img loading=\"lazy\" decoding=\"async\" width=\"992\" height=\"992\" src=\"https:\/\/www.laviluxuryapartments.com\/wp-content\/uploads\/2025\/08\/RAF7147-992x992.jpg\" class=\"attachment-luviana-square size-luviana-square wp-post-image\" alt=\"Villa Overview\" srcset=\"https:\/\/www.laviluxuryapartments.com\/wp-content\/uploads\/2025\/08\/RAF7147-992x992.jpg 992w, https:\/\/www.laviluxuryapartments.com\/wp-content\/uploads\/2025\/08\/RAF7147-150x150.jpg 150w\" sizes=\"(max-width: 992px) 100vw, 992px\" \/>\t<\/a>\n\n\t<\/p>\n        <\/div>\n                <div class=\"room-description-wrapper\">\n            <div class=\"room-description-inner-wrapper\">\n                                    <div class=\"room-details\">\n                        \n<h2 class=\"mphb-room-type-title entry-title\">\n\n<a class=\"mphb-room-type-title\" href=\"https:\/\/www.laviluxuryapartments.com\/it\/accommodation\/villa-privata\/\">Villa Privata<\/a>\n\n<\/h2>                    <\/div>\n                                    <div class=\"room-booking-details\">\n                        \n\n\t<p class=\"mphb-regular-price\"><strong>Prezzo a partire da:<\/strong>\n\t<span class=\"mphb-price\"><span class=\"mphb-currency\">&euro;<\/span>1,100<\/span> <span class=\"mphb-price-period\" title=\"Scegli le date per vedere i prezzi\">per notte<\/span><span class=\"mphb-tax-information taxes-included\"> (+tasse e supplementi)<\/span>\n\t<\/p>\n\t                    <\/div>\n                            <\/div>\n        <\/div>\n    \n    \n<\/div>\n\n\n<div class=\"mphb-room-type post-1984 mphb_room_type type-mphb_room_type status-publish has-post-thumbnail mphb_room_type_category-doppia mphb_room_type_category-singola mphb_room_type_facility-accappatoio mphb_room_type_facility-aria-condizionata mphb_room_type_facility-asciugacapelli mphb_room_type_facility-asciugamani mphb_room_type_facility-cassaforte mphb_room_type_facility-entrata-privata mphb_room_type_facility-giardino mphb_room_type_facility-prodotti-da-bagno mphb_room_type_facility-scrivania mphb_room_type_facility-tv-it mphb_room_type_facility-wi-fi-gratuito mphb-room-type-adults-2 mphb-room-type-children-0 has-taxes-and-fees\">\n\n                <div class=\"room-images-wrapper\">\n            \n\n\t<p class=\"post-thumbnail mphb-loop-room-thumbnail\">\n\t<a href=\"https:\/\/www.laviluxuryapartments.com\/it\/accommodation\/dolce-capri-junior-suite\/\">\n\t<img loading=\"lazy\" decoding=\"async\" width=\"992\" height=\"992\" src=\"https:\/\/www.laviluxuryapartments.com\/wp-content\/uploads\/2025\/08\/RAF7132-992x992.jpg\" class=\"attachment-luviana-square size-luviana-square wp-post-image\" alt=\"\" srcset=\"https:\/\/www.laviluxuryapartments.com\/wp-content\/uploads\/2025\/08\/RAF7132-992x992.jpg 992w, https:\/\/www.laviluxuryapartments.com\/wp-content\/uploads\/2025\/08\/RAF7132-150x150.jpg 150w\" sizes=\"(max-width: 992px) 100vw, 992px\" \/>\t<\/a>\n\n\t<\/p>\n        <\/div>\n                <div class=\"room-description-wrapper\">\n            <div class=\"room-description-inner-wrapper\">\n                                    <div class=\"room-details\">\n                        \n<h2 class=\"mphb-room-type-title entry-title\">\n\n<a class=\"mphb-room-type-title\" href=\"https:\/\/www.laviluxuryapartments.com\/it\/accommodation\/dolce-capri-junior-suite\/\">Dolce Capri Junior Suite<\/a>\n\n<\/h2>                    <\/div>\n                                    <div class=\"room-booking-details\">\n                        \n                    <\/div>\n                            <\/div>\n        <\/div>\n    \n    \n<\/div>\n\n\n<div class=\"mphb-room-type post-1985 mphb_room_type type-mphb_room_type status-publish has-post-thumbnail mphb_room_type_category-doppia mphb_room_type_category-singola mphb_room_type_facility-accappatoio mphb_room_type_facility-aria-condizionata mphb_room_type_facility-asciugacapelli mphb_room_type_facility-asciugamani mphb_room_type_facility-cassaforte mphb_room_type_facility-entrata-privata mphb_room_type_facility-forno-a-microonde mphb_room_type_facility-giardino mphb_room_type_facility-prodotti-da-bagno mphb_room_type_facility-scrivania mphb_room_type_facility-tv-it mphb_room_type_facility-wi-fi-gratuito mphb-room-type-adults-2 mphb-room-type-children-0 has-taxes-and-fees\">\n\n                <div class=\"room-images-wrapper\">\n            \n\n\t<p class=\"post-thumbnail mphb-loop-room-thumbnail\">\n\t<a href=\"https:\/\/www.laviluxuryapartments.com\/it\/accommodation\/agavi-junior-suite\/\">\n\t<img loading=\"lazy\" decoding=\"async\" width=\"992\" height=\"992\" src=\"https:\/\/www.laviluxuryapartments.com\/wp-content\/uploads\/2025\/08\/RAF7127-992x992.jpg\" class=\"attachment-luviana-square size-luviana-square wp-post-image\" alt=\"Agavi Suite\" srcset=\"https:\/\/www.laviluxuryapartments.com\/wp-content\/uploads\/2025\/08\/RAF7127-992x992.jpg 992w, https:\/\/www.laviluxuryapartments.com\/wp-content\/uploads\/2025\/08\/RAF7127-150x150.jpg 150w\" sizes=\"(max-width: 992px) 100vw, 992px\" \/>\t<\/a>\n\n\t<\/p>\n        <\/div>\n                <div class=\"room-description-wrapper\">\n            <div class=\"room-description-inner-wrapper\">\n                                    <div class=\"room-details\">\n                        \n<h2 class=\"mphb-room-type-title entry-title\">\n\n<a class=\"mphb-room-type-title\" href=\"https:\/\/www.laviluxuryapartments.com\/it\/accommodation\/agavi-junior-suite\/\">Agavi Junior Suite<\/a>\n\n<\/h2>                    <\/div>\n                                    <div class=\"room-booking-details\">\n                        \n                    <\/div>\n                            <\/div>\n        <\/div>\n    \n    \n<\/div>\n\n\n<div class=\"mphb-room-type post-1986 mphb_room_type type-mphb_room_type status-publish has-post-thumbnail mphb_room_type_category-doppia mphb_room_type_category-singola mphb_room_type_facility-accappatoio mphb_room_type_facility-aria-condizionata mphb_room_type_facility-asciugacapelli mphb_room_type_facility-asciugamani mphb_room_type_facility-cassaforte mphb_room_type_facility-cucina mphb_room_type_facility-entrata-privata mphb_room_type_facility-forno-a-microonde mphb_room_type_facility-frigorifero mphb_room_type_facility-giardino mphb_room_type_facility-prodotti-da-bagno mphb_room_type_facility-scrivania mphb_room_type_facility-tv-it mphb_room_type_facility-wi-fi-gratuito mphb-room-type-adults-2 mphb-room-type-children-0 has-taxes-and-fees\">\n\n                <div class=\"room-images-wrapper\">\n            \n\n\t<p class=\"post-thumbnail mphb-loop-room-thumbnail\">\n\t<a href=\"https:\/\/www.laviluxuryapartments.com\/it\/accommodation\/corallo-suite\/\">\n\t<img loading=\"lazy\" decoding=\"async\" width=\"992\" height=\"992\" src=\"https:\/\/www.laviluxuryapartments.com\/wp-content\/uploads\/2025\/08\/RAF7059-992x992.jpg\" class=\"attachment-luviana-square size-luviana-square wp-post-image\" alt=\"Corallo Suite\" srcset=\"https:\/\/www.laviluxuryapartments.com\/wp-content\/uploads\/2025\/08\/RAF7059-992x992.jpg 992w, https:\/\/www.laviluxuryapartments.com\/wp-content\/uploads\/2025\/08\/RAF7059-150x150.jpg 150w\" sizes=\"(max-width: 992px) 100vw, 992px\" \/>\t<\/a>\n\n\t<\/p>\n        <\/div>\n                <div class=\"room-description-wrapper\">\n            <div class=\"room-description-inner-wrapper\">\n                                    <div class=\"room-details\">\n                        \n<h2 class=\"mphb-room-type-title entry-title\">\n\n<a class=\"mphb-room-type-title\" href=\"https:\/\/www.laviluxuryapartments.com\/it\/accommodation\/corallo-suite\/\">Corallo Suite<\/a>\n\n<\/h2>                    <\/div>\n                                    <div class=\"room-booking-details\">\n                        \n                    <\/div>\n                            <\/div>\n        <\/div>\n    \n    \n<\/div>\n\n\t<\/div>\n\t<\/div><\/div><\/div><\/div><\/div><\/div>\n","protected":false},"excerpt":{"rendered":"","protected":false},"author":1,"featured_media":1571,"parent":0,"menu_order":0,"comment_status":"closed","ping_status":"closed","template":"","meta":{"inline_featured_image":false,"footnotes":""},"class_list":["post-2039","page","type-page","status-publish","has-post-thumbnail","hentry"],"yoast_head":"<!-- This site is optimized with the Yoast SEO plugin v27.2 - https:\/\/yoast.com\/product\/yoast-seo-wordpress\/ -->\n<title>Scopri la Villa | Villa Chiara - Lavi Luxury Apartments in Capri<\/title>\n<meta name=\"robots\" content=\"index, follow, max-snippet:-1, max-image-preview:large, max-video-preview:-1\" \/>\n<link rel=\"canonical\" href=\"https:\/\/www.laviluxuryapartments.com\/it\/scopri-la-villa\/\" \/>\n<meta property=\"og:locale\" content=\"it_IT\" \/>\n<meta property=\"og:type\" content=\"article\" \/>\n<meta property=\"og:title\" content=\"Scopri la Villa | Villa Chiara - Lavi Luxury Apartments in Capri\" \/>\n<meta property=\"og:url\" content=\"https:\/\/www.laviluxuryapartments.com\/it\/scopri-la-villa\/\" \/>\n<meta property=\"og:site_name\" content=\"Villa Chiara - Lavi Luxury Apartments in Capri\" \/>\n<meta property=\"article:modified_time\" content=\"2025-08-28T18:07:31+00:00\" \/>\n<meta property=\"og:image\" content=\"https:\/\/www.laviluxuryapartments.com\/wp-content\/uploads\/2025\/08\/detail-outside.jpg\" \/>\n\t<meta property=\"og:image:width\" content=\"1200\" \/>\n\t<meta property=\"og:image:height\" content=\"800\" \/>\n\t<meta property=\"og:image:type\" content=\"image\/jpeg\" \/>\n<meta name=\"twitter:card\" content=\"summary_large_image\" \/>\n<meta name=\"twitter:label1\" content=\"Tempo di lettura stimato\" \/>\n\t<meta name=\"twitter:data1\" content=\"1 minuto\" \/>\n<script type=\"application\/ld+json\" class=\"yoast-schema-graph\">{\"@context\":\"https:\/\/schema.org\",\"@graph\":[{\"@type\":\"WebPage\",\"@id\":\"https:\/\/www.laviluxuryapartments.com\/it\/scopri-la-villa\/\",\"url\":\"https:\/\/www.laviluxuryapartments.com\/it\/scopri-la-villa\/\",\"name\":\"Scopri la Villa | Villa Chiara - Lavi Luxury Apartments in Capri\",\"isPartOf\":{\"@id\":\"https:\/\/www.laviluxuryapartments.com\/it\/#website\"},\"primaryImageOfPage\":{\"@id\":\"https:\/\/www.laviluxuryapartments.com\/it\/scopri-la-villa\/#primaryimage\"},\"image\":{\"@id\":\"https:\/\/www.laviluxuryapartments.com\/it\/scopri-la-villa\/#primaryimage\"},\"thumbnailUrl\":\"https:\/\/www.laviluxuryapartments.com\/wp-content\/uploads\/2025\/08\/detail-outside.jpg\",\"datePublished\":\"2025-08-28T18:06:38+00:00\",\"dateModified\":\"2025-08-28T18:07:31+00:00\",\"breadcrumb\":{\"@id\":\"https:\/\/www.laviluxuryapartments.com\/it\/scopri-la-villa\/#breadcrumb\"},\"inLanguage\":\"it-IT\",\"potentialAction\":[{\"@type\":\"ReadAction\",\"target\":[\"https:\/\/www.laviluxuryapartments.com\/it\/scopri-la-villa\/\"]}]},{\"@type\":\"ImageObject\",\"inLanguage\":\"it-IT\",\"@id\":\"https:\/\/www.laviluxuryapartments.com\/it\/scopri-la-villa\/#primaryimage\",\"url\":\"https:\/\/www.laviluxuryapartments.com\/wp-content\/uploads\/2025\/08\/detail-outside.jpg\",\"contentUrl\":\"https:\/\/www.laviluxuryapartments.com\/wp-content\/uploads\/2025\/08\/detail-outside.jpg\",\"width\":1200,\"height\":800},{\"@type\":\"BreadcrumbList\",\"@id\":\"https:\/\/www.laviluxuryapartments.com\/it\/scopri-la-villa\/#breadcrumb\",\"itemListElement\":[{\"@type\":\"ListItem\",\"position\":1,\"name\":\"Home\",\"item\":\"https:\/\/www.laviluxuryapartments.com\/it\/\"},{\"@type\":\"ListItem\",\"position\":2,\"name\":\"Scopri la Villa\"}]},{\"@type\":\"WebSite\",\"@id\":\"https:\/\/www.laviluxuryapartments.com\/it\/#website\",\"url\":\"https:\/\/www.laviluxuryapartments.com\/it\/\",\"name\":\"Villa Chiara - Lavi Luxury Apartments in Capri\",\"description\":\"\",\"publisher\":{\"@id\":\"https:\/\/www.laviluxuryapartments.com\/it\/#organization\"},\"potentialAction\":[{\"@type\":\"SearchAction\",\"target\":{\"@type\":\"EntryPoint\",\"urlTemplate\":\"https:\/\/www.laviluxuryapartments.com\/it\/?s={search_term_string}\"},\"query-input\":{\"@type\":\"PropertyValueSpecification\",\"valueRequired\":true,\"valueName\":\"search_term_string\"}}],\"inLanguage\":\"it-IT\"},{\"@type\":\"Organization\",\"@id\":\"https:\/\/www.laviluxuryapartments.com\/it\/#organization\",\"name\":\"Gestione Alberghiera Italiana S.R.L.\",\"url\":\"https:\/\/www.laviluxuryapartments.com\/it\/\",\"logo\":{\"@type\":\"ImageObject\",\"inLanguage\":\"it-IT\",\"@id\":\"https:\/\/www.laviluxuryapartments.com\/it\/#\/schema\/logo\/image\/\",\"url\":\"https:\/\/www.laviluxuryapartments.com\/wp-content\/uploads\/2025\/05\/logo.svg\",\"contentUrl\":\"https:\/\/www.laviluxuryapartments.com\/wp-content\/uploads\/2025\/05\/logo.svg\",\"width\":118,\"height\":50,\"caption\":\"Gestione Alberghiera Italiana S.R.L.\"},\"image\":{\"@id\":\"https:\/\/www.laviluxuryapartments.com\/it\/#\/schema\/logo\/image\/\"}}]}<\/script>\n<!-- \/ Yoast SEO plugin. -->","yoast_head_json":{"title":"Scopri la Villa | Villa Chiara - Lavi Luxury Apartments in Capri","robots":{"index":"index","follow":"follow","max-snippet":"max-snippet:-1","max-image-preview":"max-image-preview:large","max-video-preview":"max-video-preview:-1"},"canonical":"https:\/\/www.laviluxuryapartments.com\/it\/scopri-la-villa\/","og_locale":"it_IT","og_type":"article","og_title":"Scopri la Villa | Villa Chiara - Lavi Luxury Apartments in Capri","og_url":"https:\/\/www.laviluxuryapartments.com\/it\/scopri-la-villa\/","og_site_name":"Villa Chiara - Lavi Luxury Apartments in Capri","article_modified_time":"2025-08-28T18:07:31+00:00","og_image":[{"width":1200,"height":800,"url":"https:\/\/www.laviluxuryapartments.com\/wp-content\/uploads\/2025\/08\/detail-outside.jpg","type":"image\/jpeg"}],"twitter_card":"summary_large_image","twitter_misc":{"Tempo di lettura stimato":"1 minuto"},"schema":{"@context":"https:\/\/schema.org","@graph":[{"@type":"WebPage","@id":"https:\/\/www.laviluxuryapartments.com\/it\/scopri-la-villa\/","url":"https:\/\/www.laviluxuryapartments.com\/it\/scopri-la-villa\/","name":"Scopri la Villa | Villa Chiara - Lavi Luxury Apartments in Capri","isPartOf":{"@id":"https:\/\/www.laviluxuryapartments.com\/it\/#website"},"primaryImageOfPage":{"@id":"https:\/\/www.laviluxuryapartments.com\/it\/scopri-la-villa\/#primaryimage"},"image":{"@id":"https:\/\/www.laviluxuryapartments.com\/it\/scopri-la-villa\/#primaryimage"},"thumbnailUrl":"https:\/\/www.laviluxuryapartments.com\/wp-content\/uploads\/2025\/08\/detail-outside.jpg","datePublished":"2025-08-28T18:06:38+00:00","dateModified":"2025-08-28T18:07:31+00:00","breadcrumb":{"@id":"https:\/\/www.laviluxuryapartments.com\/it\/scopri-la-villa\/#breadcrumb"},"inLanguage":"it-IT","potentialAction":[{"@type":"ReadAction","target":["https:\/\/www.laviluxuryapartments.com\/it\/scopri-la-villa\/"]}]},{"@type":"ImageObject","inLanguage":"it-IT","@id":"https:\/\/www.laviluxuryapartments.com\/it\/scopri-la-villa\/#primaryimage","url":"https:\/\/www.laviluxuryapartments.com\/wp-content\/uploads\/2025\/08\/detail-outside.jpg","contentUrl":"https:\/\/www.laviluxuryapartments.com\/wp-content\/uploads\/2025\/08\/detail-outside.jpg","width":1200,"height":800},{"@type":"BreadcrumbList","@id":"https:\/\/www.laviluxuryapartments.com\/it\/scopri-la-villa\/#breadcrumb","itemListElement":[{"@type":"ListItem","position":1,"name":"Home","item":"https:\/\/www.laviluxuryapartments.com\/it\/"},{"@type":"ListItem","position":2,"name":"Scopri la Villa"}]},{"@type":"WebSite","@id":"https:\/\/www.laviluxuryapartments.com\/it\/#website","url":"https:\/\/www.laviluxuryapartments.com\/it\/","name":"Villa Chiara - Lavi Luxury Apartments in Capri","description":"","publisher":{"@id":"https:\/\/www.laviluxuryapartments.com\/it\/#organization"},"potentialAction":[{"@type":"SearchAction","target":{"@type":"EntryPoint","urlTemplate":"https:\/\/www.laviluxuryapartments.com\/it\/?s={search_term_string}"},"query-input":{"@type":"PropertyValueSpecification","valueRequired":true,"valueName":"search_term_string"}}],"inLanguage":"it-IT"},{"@type":"Organization","@id":"https:\/\/www.laviluxuryapartments.com\/it\/#organization","name":"Gestione Alberghiera Italiana S.R.L.","url":"https:\/\/www.laviluxuryapartments.com\/it\/","logo":{"@type":"ImageObject","inLanguage":"it-IT","@id":"https:\/\/www.laviluxuryapartments.com\/it\/#\/schema\/logo\/image\/","url":"https:\/\/www.laviluxuryapartments.com\/wp-content\/uploads\/2025\/05\/logo.svg","contentUrl":"https:\/\/www.laviluxuryapartments.com\/wp-content\/uploads\/2025\/05\/logo.svg","width":118,"height":50,"caption":"Gestione Alberghiera Italiana S.R.L."},"image":{"@id":"https:\/\/www.laviluxuryapartments.com\/it\/#\/schema\/logo\/image\/"}}]}},"_links":{"self":[{"href":"https:\/\/www.laviluxuryapartments.com\/it\/wp-json\/wp\/v2\/pages\/2039","targetHints":{"allow":["GET"]}}],"collection":[{"href":"https:\/\/www.laviluxuryapartments.com\/it\/wp-json\/wp\/v2\/pages"}],"about":[{"href":"https:\/\/www.laviluxuryapartments.com\/it\/wp-json\/wp\/v2\/types\/page"}],"author":[{"embeddable":true,"href":"https:\/\/www.laviluxuryapartments.com\/it\/wp-json\/wp\/v2\/users\/1"}],"replies":[{"embeddable":true,"href":"https:\/\/www.laviluxuryapartments.com\/it\/wp-json\/wp\/v2\/comments?post=2039"}],"version-history":[{"count":1,"href":"https:\/\/www.laviluxuryapartments.com\/it\/wp-json\/wp\/v2\/pages\/2039\/revisions"}],"predecessor-version":[{"id":2040,"href":"https:\/\/www.laviluxuryapartments.com\/it\/wp-json\/wp\/v2\/pages\/2039\/revisions\/2040"}],"wp:featuredmedia":[{"embeddable":true,"href":"https:\/\/www.laviluxuryapartments.com\/it\/wp-json\/wp\/v2\/media\/1571"}],"wp:attachment":[{"href":"https:\/\/www.laviluxuryapartments.com\/it\/wp-json\/wp\/v2\/media?parent=2039"}],"curies":[{"name":"wp","href":"https:\/\/api.w.org\/{rel}","templated":true}]}}